{"version":"1.0","provider_name":"Ayuntamiento de Oitz","provider_url":"http:\/\/www.oitz.org\/es","author_name":"z.1234","author_url":"http:\/\/www.oitz.org\/es\/author\/z-1234\/","title":"Vis\u00edtanos - Ayuntamiento de Oitz","type":"rich","width":600,"height":338,"html":"<blockquote class=\"wp-embedded-content\" data-secret=\"idrswsoZAJ\"><a href=\"http:\/\/www.oitz.org\/es\/visitanos\/\">Vis\u00edtanos<\/a><\/blockquote><iframe sandbox=\"allow-scripts\" security=\"restricted\" src=\"http:\/\/www.oitz.org\/es\/visitanos\/embed\/#?secret=idrswsoZAJ\" width=\"600\" height=\"338\" title=\"\u00abVis\u00edtanos\u00bb \u2014 Ayuntamiento de Oitz\" data-secret=\"idrswsoZAJ\" frameborder=\"0\" marginwidth=\"0\" marginheight=\"0\" scrolling=\"no\" class=\"wp-embedded-content\"><\/iframe><script type=\"text\/javascript\">\n\/* <![CDATA[ *\/\n\/*! This file is auto-generated *\/\n!function(d,l){\"use strict\";l.querySelector&&d.addEventListener&&\"undefined\"!=typeof URL&&(d.wp=d.wp||{},d.wp.receiveEmbedMessage||(d.wp.receiveEmbedMessage=function(e){var t=e.data;if((t||t.secret||t.message||t.value)&&!\/[^a-zA-Z0-9]\/.test(t.secret)){for(var s,r,n,a=l.querySelectorAll('iframe[data-secret=\"'+t.secret+'\"]'),o=l.querySelectorAll('blockquote[data-secret=\"'+t.secret+'\"]'),c=new RegExp(\"^https?:$\",\"i\"),i=0;i<o.length;i++)o[i].style.display=\"none\";for(i=0;i<a.length;i++)s=a[i],e.source===s.contentWindow&&(s.removeAttribute(\"style\"),\"height\"===t.message?(1e3<(r=parseInt(t.value,10))?r=1e3:~~r<200&&(r=200),s.height=r):\"link\"===t.message&&(r=new URL(s.getAttribute(\"src\")),n=new URL(t.value),c.test(n.protocol))&&n.host===r.host&&l.activeElement===s&&(d.top.location.href=t.value))}},d.addEventListener(\"message\",d.wp.receiveEmbedMessage,!1),l.addEventListener(\"DOMContentLoaded\",function(){for(var e,t,s=l.querySelectorAll(\"iframe.wp-embedded-content\"),r=0;r<s.length;r++)(t=(e=s[r]).getAttribute(\"data-secret\"))||(t=Math.random().toString(36).substring(2,12),e.src+=\"#?secret=\"+t,e.setAttribute(\"data-secret\",t)),e.contentWindow.postMessage({message:\"ready\",secret:t},\"*\")},!1)))}(window,document);\n\/* ]]> *\/\n<\/script>\n","thumbnail_url":"http:\/\/www.oitz.org\/wp-content\/uploads\/sites\/34\/2018\/04\/Slider-Oitz2.jpg","thumbnail_width":1018,"thumbnail_height":275,"description":"GEOGRAF\u00cdA Oitz, situado en la comarca de Malerreka en los pirineos Atl\u00e1nticos es un pueblo t\u00edpico de la zona norte de Navarra con sus casas grandes de piedra, calles estrechas y empedradas con losa roja. Situado a media altura, en&hellip;"}