{"id":5,"date":"2018-04-05T07:35:03","date_gmt":"2018-04-05T07:35:03","guid":{"rendered":"http:\/\/www.oitz.org\/nombre_pueblo_euskera\/"},"modified":"2024-11-07T08:55:50","modified_gmt":"2024-11-07T08:55:50","slug":"udala","status":"publish","type":"page","link":"http:\/\/www.oitz.org\/es\/udala\/","title":{"rendered":"Ayuntamiento"},"content":{"rendered":"<p><\/p>\n<ul>\n<li><strong>Horario de las oficinas:<\/strong> Jueves de 08:00 a 15:00 horas. Atenci\u00f3n al p\u00fablico con cita previa.<\/li>\n<li><strong>Direcci\u00f3n:<\/strong> Karrika Bakarra 45 p.k.31751 Oiz (NAVARRA)<\/li>\n<li><strong>Tel\u00e9fono:<\/strong> 948 45 15 66<\/li>\n<li><strong>E-mail:<\/strong> udala@oitz.eus<\/li>\n<\/ul>\n<h2>Alcalde:<\/h2>\n<ul>\n<li>Jaime Urroz Tellechea- Oizko Alkatasuna<\/li>\n<\/ul>\n<h2>Concejales:<\/h2>\n<ul>\n<li>Fidel Ariztegui Anso &#8211; Teniente Alcalde- Oizko Alkartasuna<\/li>\n<li>Rakel Ariztegi Ariztia &#8211; Oizko Alkartasuna<\/li>\n<li>Miguel Ciganda Larraburu &#8211; Oizko Alkartasuna<\/li>\n<\/ul>\n<h2>Secretario\/Secretaria:<\/h2>\n<ul>\n<li>Leire Iragorri Litago<\/li>\n<\/ul>\n<h2>Datos generales<\/h2>\n<ul>\n<li><strong>Ayuntamiento de:<\/strong> Oiz.<\/li>\n<li><strong>Comunidad Aut\u00f3noma:<\/strong> Navarra.<\/li>\n<li><strong>Provincia:<\/strong> Navarra.<\/li>\n<li><strong>Categor\u00eda Hist\u00f3rica:<\/strong> Lugar.<\/li>\n<li><strong>Categor\u00eda Administrativa:<\/strong> Municipio.<\/li>\n<li><strong>Partido Judicial:<\/strong> Pamplona.<\/li>\n<li><strong>Merindad:<\/strong> Pamplona.<\/li>\n<li><strong>Comarca Geogr\u00e1fica:<\/strong> Malerreka.<\/li>\n<li><strong>Poblaci\u00f3n en 2006:<\/strong> 155.<\/li>\n<li><strong>Superficie:<\/strong> 8,06 Km\u00b2.<\/li>\n<li><strong>Densidad de poblaci\u00f3n:<\/strong> 19,23.<\/li>\n<li><strong>Altitud en el Ayuntamiento:<\/strong> 194 metros.<\/li>\n<li><strong>Distancia a Pamplona:<\/strong> 60 Km.<\/li>\n<li><strong>Comunicaciones\/Carreteras de acceso:<\/strong>\n<ul>\n<li>De Pamplona e Ir\u00fan por la NA-121-A hasta Santesteban.<\/li>\n<li>De aqu\u00ed, por la NA-4040, a 4 kilometros.<\/li>\n<\/ul>\n<\/li>\n<li><strong>Gentilicio:<\/strong> Oitzarrak.<\/li>\n<\/ul>\n<p><\/p>","protected":false},"excerpt":{"rendered":"<p>Horario de las oficinas: Jueves de 08:00 a 15:00 horas. Atenci\u00f3n al p\u00fablico con cita previa. Direcci\u00f3n: Karrika Bakarra 45 p.k.31751 Oiz (NAVARRA) Tel\u00e9fono: 948 45 15 66 E-mail: udala@oitz.eus Alcalde: Jaime Urroz Tellechea- Oizko Alkatasuna Concejales: Fidel Ariztegui Anso&hellip; <\/p>\n","protected":false},"author":1,"featured_media":78,"parent":0,"menu_order":9,"comment_status":"closed","ping_status":"closed","template":"","meta":{"_monsterinsights_skip_tracking":false,"_monsterinsights_sitenote_active":false,"_monsterinsights_sitenote_note":"","_monsterinsights_sitenote_category":0,"footnotes":""},"class_list":["post-5","page","type-page","status-publish","has-post-thumbnail","hentry"],"yoast_head":"<!-- This site is optimized with the Yoast SEO plugin v26.8 - https:\/\/yoast.com\/product\/yoast-seo-wordpress\/ -->\r\n<title>Ayuntamiento - Ayuntamiento de Oitz<\/title>\r\n<meta name=\"robots\" content=\"index, follow, max-snippet:-1, max-image-preview:large, max-video-preview:-1\" \/>\r\n<link rel=\"canonical\" href=\"http:\/\/www.oitz.org\/es\/udala\/\" \/>\r\n<meta property=\"og:locale\" content=\"es_ES\" \/>\r\n<meta property=\"og:type\" content=\"article\" \/>\r\n<meta property=\"og:title\" content=\"Ayuntamiento - Ayuntamiento de Oitz\" \/>\r\n<meta property=\"og:description\" content=\"Horario de las oficinas: Jueves de 08:00 a 15:00 horas. Atenci\u00f3n al p\u00fablico con cita previa. Direcci\u00f3n: Karrika Bakarra 45 p.k.31751 Oiz (NAVARRA) Tel\u00e9fono: 948 45 15 66 E-mail: udala@oitz.eus Alcalde: Jaime Urroz Tellechea- Oizko Alkatasuna Concejales: Fidel Ariztegui Anso&hellip;\" \/>\r\n<meta property=\"og:url\" content=\"http:\/\/www.oitz.org\/es\/udala\/\" \/>\r\n<meta property=\"og:site_name\" content=\"Ayuntamiento de Oitz\" \/>\r\n<meta property=\"article:modified_time\" content=\"2024-11-07T08:55:50+00:00\" \/>\r\n<meta property=\"og:image\" content=\"http:\/\/www.oitz.org\/wp-content\/uploads\/sites\/34\/2018\/04\/Slider-Oitz1.jpg\" \/>\r\n\t<meta property=\"og:image:width\" content=\"1018\" \/>\r\n\t<meta property=\"og:image:height\" content=\"275\" \/>\r\n\t<meta property=\"og:image:type\" content=\"image\/jpeg\" \/>\r\n<meta name=\"twitter:card\" content=\"summary_large_image\" \/>\r\n<meta name=\"twitter:label1\" content=\"Tiempo de lectura\" \/>\n\t<meta name=\"twitter:data1\" content=\"1 minuto\" \/>\r\n<script type=\"application\/ld+json\" class=\"yoast-schema-graph\">{\"@context\":\"https:\/\/schema.org\",\"@graph\":[{\"@type\":\"WebPage\",\"@id\":\"http:\/\/www.oitz.org\/es\/udala\/\",\"url\":\"http:\/\/www.oitz.org\/es\/udala\/\",\"name\":\"Ayuntamiento - Ayuntamiento de Oitz\",\"isPartOf\":{\"@id\":\"http:\/\/www.oitz.org\/es\/#website\"},\"primaryImageOfPage\":{\"@id\":\"http:\/\/www.oitz.org\/es\/udala\/#primaryimage\"},\"image\":{\"@id\":\"http:\/\/www.oitz.org\/udala\/#primaryimage\"},\"thumbnailUrl\":\"http:\/\/www.oitz.org\/wp-content\/uploads\/sites\/34\/2018\/04\/Slider-Oitz1.jpg\",\"datePublished\":\"2018-04-05T07:35:03+00:00\",\"dateModified\":\"2024-11-07T08:55:50+00:00\",\"breadcrumb\":{\"@id\":\"http:\/\/www.oitz.org\/es\/udala\/#breadcrumb\"},\"inLanguage\":\"es\",\"potentialAction\":[{\"@type\":\"ReadAction\",\"target\":[[\"http:\/\/www.oitz.org\/es\/udala\/\"]]}]},{\"@type\":\"ImageObject\",\"inLanguage\":\"es\",\"@id\":\"http:\/\/www.oitz.org\/es\/udala\/#primaryimage\",\"url\":\"http:\/\/www.oitz.org\/wp-content\/uploads\/sites\/34\/2018\/04\/Slider-Oitz1.jpg\",\"contentUrl\":\"http:\/\/www.oitz.org\/wp-content\/uploads\/sites\/34\/2018\/04\/Slider-Oitz1.jpg\",\"width\":1018,\"height\":275},{\"@type\":\"BreadcrumbList\",\"@id\":\"http:\/\/www.oitz.org\/es\/udala\/#breadcrumb\",\"itemListElement\":[{\"@type\":\"ListItem\",\"position\":1,\"name\":\"Home\",\"item\":\"http:\/\/www.oitz.org\/es\/\"},{\"@type\":\"ListItem\",\"position\":2,\"name\":\"Ayuntamiento\"}]},{\"@type\":\"WebSite\",\"@id\":\"http:\/\/www.oitz.org\/es\/#website\",\"url\":\"http:\/\/www.oitz.org\/es\/\",\"name\":\"Ayuntamiento de Oitz\",\"description\":\"Sitio web del Ayuntamiento de Oitz \/ Oizko Udala\",\"potentialAction\":[{\"@type\":\"SearchAction\",\"target\":{\"@type\":\"EntryPoint\",\"urlTemplate\":\"http:\/\/www.oitz.org\/es\/?s={search_term_string}\"},\"query-input\":{\"@type\":\"PropertyValueSpecification\",\"valueRequired\":true,\"valueName\":\"search_term_string\"}}],\"inLanguage\":\"es\"}]}<\/script>\r\n<!-- \/ Yoast SEO plugin. -->","yoast_head_json":{"title":"Ayuntamiento - Ayuntamiento de Oitz","robots":{"index":"index","follow":"follow","max-snippet":"max-snippet:-1","max-image-preview":"max-image-preview:large","max-video-preview":"max-video-preview:-1"},"canonical":"http:\/\/www.oitz.org\/es\/udala\/","og_locale":"es_ES","og_type":"article","og_title":"Ayuntamiento - Ayuntamiento de Oitz","og_description":"Horario de las oficinas: Jueves de 08:00 a 15:00 horas. Atenci\u00f3n al p\u00fablico con cita previa. Direcci\u00f3n: Karrika Bakarra 45 p.k.31751 Oiz (NAVARRA) Tel\u00e9fono: 948 45 15 66 E-mail: udala@oitz.eus Alcalde: Jaime Urroz Tellechea- Oizko Alkatasuna Concejales: Fidel Ariztegui Anso&hellip;","og_url":"http:\/\/www.oitz.org\/es\/udala\/","og_site_name":"Ayuntamiento de Oitz","article_modified_time":"2024-11-07T08:55:50+00:00","og_image":[{"width":1018,"height":275,"url":"http:\/\/www.oitz.org\/wp-content\/uploads\/sites\/34\/2018\/04\/Slider-Oitz1.jpg","type":"image\/jpeg"}],"twitter_card":"summary_large_image","twitter_misc":{"Tiempo de lectura":"1 minuto"},"schema":{"@context":"https:\/\/schema.org","@graph":[{"@type":"WebPage","@id":"http:\/\/www.oitz.org\/es\/udala\/","url":"http:\/\/www.oitz.org\/es\/udala\/","name":"Ayuntamiento - Ayuntamiento de Oitz","isPartOf":{"@id":"http:\/\/www.oitz.org\/es\/#website"},"primaryImageOfPage":{"@id":"http:\/\/www.oitz.org\/es\/udala\/#primaryimage"},"image":{"@id":"http:\/\/www.oitz.org\/udala\/#primaryimage"},"thumbnailUrl":"http:\/\/www.oitz.org\/wp-content\/uploads\/sites\/34\/2018\/04\/Slider-Oitz1.jpg","datePublished":"2018-04-05T07:35:03+00:00","dateModified":"2024-11-07T08:55:50+00:00","breadcrumb":{"@id":"http:\/\/www.oitz.org\/es\/udala\/#breadcrumb"},"inLanguage":"es","potentialAction":[{"@type":"ReadAction","target":[["http:\/\/www.oitz.org\/es\/udala\/"]]}]},{"@type":"ImageObject","inLanguage":"es","@id":"http:\/\/www.oitz.org\/es\/udala\/#primaryimage","url":"http:\/\/www.oitz.org\/wp-content\/uploads\/sites\/34\/2018\/04\/Slider-Oitz1.jpg","contentUrl":"http:\/\/www.oitz.org\/wp-content\/uploads\/sites\/34\/2018\/04\/Slider-Oitz1.jpg","width":1018,"height":275},{"@type":"BreadcrumbList","@id":"http:\/\/www.oitz.org\/es\/udala\/#breadcrumb","itemListElement":[{"@type":"ListItem","position":1,"name":"Home","item":"http:\/\/www.oitz.org\/es\/"},{"@type":"ListItem","position":2,"name":"Ayuntamiento"}]},{"@type":"WebSite","@id":"http:\/\/www.oitz.org\/es\/#website","url":"http:\/\/www.oitz.org\/es\/","name":"Ayuntamiento de Oitz","description":"Sitio web del Ayuntamiento de Oitz \/ Oizko Udala","potentialAction":[{"@type":"SearchAction","target":{"@type":"EntryPoint","urlTemplate":"http:\/\/www.oitz.org\/es\/?s={search_term_string}"},"query-input":{"@type":"PropertyValueSpecification","valueRequired":true,"valueName":"search_term_string"}}],"inLanguage":"es"}]}},"_links":{"self":[{"href":"http:\/\/www.oitz.org\/es\/wp-json\/wp\/v2\/pages\/5","targetHints":{"allow":["GET"]}}],"collection":[{"href":"http:\/\/www.oitz.org\/es\/wp-json\/wp\/v2\/pages"}],"about":[{"href":"http:\/\/www.oitz.org\/es\/wp-json\/wp\/v2\/types\/page"}],"author":[{"embeddable":true,"href":"http:\/\/www.oitz.org\/es\/wp-json\/wp\/v2\/users\/1"}],"replies":[{"embeddable":true,"href":"http:\/\/www.oitz.org\/es\/wp-json\/wp\/v2\/comments?post=5"}],"version-history":[{"count":13,"href":"http:\/\/www.oitz.org\/es\/wp-json\/wp\/v2\/pages\/5\/revisions"}],"predecessor-version":[{"id":8198,"href":"http:\/\/www.oitz.org\/es\/wp-json\/wp\/v2\/pages\/5\/revisions\/8198"}],"wp:featuredmedia":[{"embeddable":true,"href":"http:\/\/www.oitz.org\/es\/wp-json\/wp\/v2\/media\/78"}],"wp:attachment":[{"href":"http:\/\/www.oitz.org\/es\/wp-json\/wp\/v2\/media?parent=5"}],"curies":[{"name":"wp","href":"https:\/\/api.w.org\/{rel}","templated":true}]}}