{"id":6,"date":"2018-04-05T07:35:03","date_gmt":"2018-04-05T07:35:03","guid":{"rendered":"http:\/\/www.oitz.org\/bisita-gaitzazu\/"},"modified":"2024-11-07T08:56:17","modified_gmt":"2024-11-07T08:56:17","slug":"visitanos","status":"publish","type":"page","link":"http:\/\/www.oitz.org\/es\/visitanos\/","title":{"rendered":"Vis\u00edtanos"},"content":{"rendered":"<p><\/p>\n<h2 style=\"text-align: justify\">GEOGRAF\u00cdA<\/h2>\n<p style=\"text-align: justify\">Oitz, situado en la comarca de Malerreka en los pirineos Atl\u00e1nticos es un pueblo t\u00edpico de la zona norte de Navarra con sus casas grandes de piedra, calles estrechas y empedradas con losa roja. Situado a media altura, en un balc\u00f3n natural del Monte Ameztia, propicia unas magn\u00edficas vistas.<br \/>\nEs un peque\u00f1o pueblo de 160 habitantes aproximadamente y se accede desde Pamplona e Ir\u00fan por la carretera nacional 121-A hasta Doneztebe, apartir de ah\u00ed por la comarcal NA-4040, Doneztebe\/Santesteban &#8211; Saldias, a 4 kil\u00f3metros de Doneztebe.<br \/>\nSu desbordante naturaleza, su tranquilidad as\u00ed como la amabilidad de sus gentes hacen de este lugar sea ideal para respirar, relajarse y acercarse a su cultura y tradiciones vascas.<br \/>\nEl clima Atl\u00e1ntico, de inviernos templados y h\u00famedos y veranos suaves y agradables, hacen de sus monta\u00f1as y depresiones un reguero de torrentes que alimentan a sus dos peque\u00f1os r\u00edos trucheros \u00abAmeztia\u00bb y \u00abAnizpe &#8211; Ezpelura\u00bb que se unen a pies del casco urbano, en los que podemos deleitarnos con el dif\u00edcil arte de la pesca.<\/p>\n<h2 style=\"text-align: justify\">NATURALEZA<\/h2>\n<p style=\"text-align: justify\">En sus bosques, catalogados como LIC (Lugar de Inter\u00e9s Comunitario), predomina principalmente el haya y roble, pero tambi\u00e9n podemos encontrar casta\u00f1o, fresno y pino de repoblaci\u00f3n que unido a sus praderas y helechales hacen de \u00e9l un cuadro pict\u00f3rico digno de contemplarse en cualquier estaci\u00f3n del a\u00f1o. En la \u00e9poca de<br \/>\n<img loading=\"lazy\" decoding=\"async\" class=\"size-medium wp-image-44 alignright\" src=\"\/wp-content\/uploads\/sites\/34\/2018\/04\/Mendia-300x225.jpg\" alt=\"\" width=\"300\" height=\"225\" srcset=\"http:\/\/www.oitz.org\/wp-content\/uploads\/sites\/34\/2018\/04\/Mendia-300x225.jpg 300w, http:\/\/www.oitz.org\/wp-content\/uploads\/sites\/34\/2018\/04\/Mendia.jpg 512w\" sizes=\"auto, (max-width: 300px) 100vw, 300px\" \/><br \/>\noto\u00f1o, estos bosques son el deleite de los cazadores de paloma torcaz, donde se encuentra el paso tradicional llamado \u00abBojeral-Ezpeldegia\u00bb afamado por el cobro de buenas perchas. Tambi\u00e9n es posible la pr\u00e1ctica del senderismo y ciclismo de monta\u00f1a.<br \/>\nEntre los bosque de hayas tambi\u00e9n existe el boj, arbusto cuya madera la usan los artesanos de la localidad para realizar cucharas y dem\u00e1s \u00fatiles de cocina. La artesan\u00eda de elaboraci\u00f3n de kaikus y zuecos de madera, cucharas, husos, bastones y cayados de boj, ha sido una ocupaci\u00f3n invernal de los antiguos habitantes de la localidad, que se ha mantenido como afici\u00f3n de unos pocos hasta la actualidad.<\/p>\n<h2 style=\"text-align: justify\">HISTORIA<\/h2>\n<p style=\"text-align: justify\">Aparece mencionado por primera vez en un documento del a\u00f1o 1.366. La historia del pueblo de Oitz ha estado unida a la del valle de Santesteban de Lerin hasta la fecha de 1.845, fecha en que el pueblo se convierte en ayuntamiento.<\/p>\n<h2 style=\"text-align: justify\">ARTE<\/h2>\n<p style=\"text-align: justify\">Merece destacar el puente medieval sobre el rio Ameztia, la casa consistorial del siglo XIX, la iglesia de San Tiburcio y la crucifijo de plata que se encuentra en la iglesia, cruz que data del comienzo del siglo XVII.<br \/>\nSiguiendo el rio Anizpe-Ezpelura, direcci\u00f3n a los caser\u00edos, podemos encontrarnos con varios antiguos hornos para fabricar la cal.<br \/>\nDe la casa-torre Jauregia solo quedan restos de la parte de piedra ya que el cadalso de madera fue quemado.<\/p>\n<h2 style=\"text-align: justify\">FIESTAS<\/h2>\n<p style=\"text-align: justify\">Se celebran el 8 de septiembre, festividad de la Natividad.<br \/>\nSe organizan diversas competiciones y demostraciones de deporte rural vasco, apuesta de hachas y partidos de pelota LAXOA.<br \/>\nTambien se celebra una comida popular donde actuan unos bertsolaris.<\/p>\n<h2 style=\"text-align: justify\">TRADICIONES<\/h2>\n<p style=\"text-align: justify\">\n<p style=\"text-align: justify\">En la localidad, todav\u00eda se conserva el juego del guante (Laxo<\/p>\n<p style=\"font-family: Helvetica, sans-serif;font-size: 14px;font-style: normal;font-weight: 400;text-align: justify\"><img loading=\"lazy\" decoding=\"async\" class=\"size-medium wp-image-35 alignright\" src=\"\/wp-content\/uploads\/sites\/34\/2018\/04\/Herri-kirola-300x225.jpg\" alt=\"\" width=\"300\" height=\"225\" srcset=\"http:\/\/www.oitz.org\/wp-content\/uploads\/sites\/34\/2018\/04\/Herri-kirola-300x225.jpg 300w, http:\/\/www.oitz.org\/wp-content\/uploads\/sites\/34\/2018\/04\/Herri-kirola.jpg 512w\" sizes=\"auto, (max-width: 300px) 100vw, 300px\" \/><\/p>\n<p style=\"text-align: justify\">a), la modalidad m\u00e1s antigua de pelota que se practica, que data de antes del siglo XVIII. Juego que naci\u00f3 de las manos de los pastores, que cuando bajaron al pueblo se extendi\u00f3 por Navarra, Guip\u00fazcoa, Vizcaya y sur de Francia. Su \u00e9poca gloriosa fue a<\/p>\n<p style=\"text-align: justify\">\n<p style=\"text-align: justify\">mediados de siglo XIX, hasta que por 1870 apareci\u00f3 el front\u00f3n con pared izquierda conocido actualmente. Hoy en d\u00eda se sigue celebrando el campeonato de Guante-Laxoa durante los meses de Abril a Agosto, en el cual el pueblo de Oitz participa con varios equipos.<\/p>\n<h2 style=\"text-align: justify\">IDIOMA<\/h2>\n<p style=\"text-align: justify\">El 100% de la poblaci\u00f3n es euskaldun.<\/p>\n<h2 style=\"text-align: justify\">GASTRONOM\u00cdA<\/h2>\n<p style=\"text-align: justify\">Sopas, cuajada, queso, ternera de leche, cordero lechal, porcino.<\/p>\n\n\t\t<style type=\"text\/css\">\n\t\t\t#gallery-2 {\n\t\t\t\tmargin: auto;\n\t\t\t}\n\t\t\t#gallery-2 .gallery-item {\n\t\t\t\tfloat: left;\n\t\t\t\tmargin-top: 10px;\n\t\t\t\ttext-align: center;\n\t\t\t\twidth: 33%;\n\t\t\t}\n\t\t\t#gallery-2 img {\n\t\t\t\tborder: 2px solid #cfcfcf;\n\t\t\t}\n\t\t\t#gallery-2 .gallery-caption {\n\t\t\t\tmargin-left: 0;\n\t\t\t}\n\t\t\t\/* see gallery_shortcode() in wp-includes\/media.php *\/\n\t\t<\/style>\n\t\t<div data-carousel-extra='{\"blog_id\":34,\"permalink\":\"http:\\\/\\\/www.oitz.org\\\/es\\\/visitanos\\\/\",\"likes_blog_id\":false}' id='gallery-2' class='gallery galleryid-6 gallery-columns-3 gallery-size-thumbnail'><dl class='gallery-item'>\n\t\t\t<dt class='gallery-icon landscape'>\n\t\t\t\t<a href='http:\/\/www.oitz.org\/es\/artesauak-i\/'><img loading=\"lazy\" decoding=\"async\" width=\"150\" height=\"150\" src=\"http:\/\/www.oitz.org\/wp-content\/uploads\/sites\/34\/2018\/04\/Artesauak-I-150x150.jpg\" class=\"attachment-thumbnail size-thumbnail\" alt=\"\" srcset=\"http:\/\/www.oitz.org\/wp-content\/uploads\/sites\/34\/2018\/04\/Artesauak-I-150x150.jpg 150w, http:\/\/www.oitz.org\/wp-content\/uploads\/sites\/34\/2018\/04\/Artesauak-I-230x230.jpg 230w\" sizes=\"auto, (max-width: 150px) 100vw, 150px\" data-attachment-id=\"29\" data-orig-file=\"http:\/\/www.oitz.org\/wp-content\/uploads\/sites\/34\/2018\/04\/Artesauak-I.jpg\" data-orig-size=\"512,384\" data-comments-opened=\"0\" data-image-meta=\"{&quot;aperture&quot;:&quot;0&quot;,&quot;credit&quot;:&quot;&quot;,&quot;camera&quot;:&quot;&quot;,&quot;caption&quot;:&quot;&quot;,&quot;created_timestamp&quot;:&quot;0&quot;,&quot;copyright&quot;:&quot;&quot;,&quot;focal_length&quot;:&quot;0&quot;,&quot;iso&quot;:&quot;0&quot;,&quot;shutter_speed&quot;:&quot;0&quot;,&quot;title&quot;:&quot;&quot;,&quot;orientation&quot;:&quot;0&quot;,&quot;keywords&quot;:&quot;Array&quot;}\" data-image-title=\"Artesauak I\" data-image-description=\"\" data-medium-file=\"http:\/\/www.oitz.org\/wp-content\/uploads\/sites\/34\/2018\/04\/Artesauak-I-300x225.jpg\" data-large-file=\"http:\/\/www.oitz.org\/wp-content\/uploads\/sites\/34\/2018\/04\/Artesauak-I.jpg\" \/><\/a>\n\t\t\t<\/dt><\/dl><dl class='gallery-item'>\n\t\t\t<dt class='gallery-icon landscape'>\n\t\t\t\t<a href='http:\/\/www.oitz.org\/es\/artesauak-ii\/'><img loading=\"lazy\" decoding=\"async\" width=\"150\" height=\"150\" src=\"http:\/\/www.oitz.org\/wp-content\/uploads\/sites\/34\/2018\/04\/Artesauak-II-150x150.jpg\" class=\"attachment-thumbnail size-thumbnail\" alt=\"\" srcset=\"http:\/\/www.oitz.org\/wp-content\/uploads\/sites\/34\/2018\/04\/Artesauak-II-150x150.jpg 150w, http:\/\/www.oitz.org\/wp-content\/uploads\/sites\/34\/2018\/04\/Artesauak-II-230x230.jpg 230w\" sizes=\"auto, (max-width: 150px) 100vw, 150px\" data-attachment-id=\"30\" data-orig-file=\"http:\/\/www.oitz.org\/wp-content\/uploads\/sites\/34\/2018\/04\/Artesauak-II.jpg\" data-orig-size=\"512,384\" data-comments-opened=\"0\" data-image-meta=\"{&quot;aperture&quot;:&quot;0&quot;,&quot;credit&quot;:&quot;&quot;,&quot;camera&quot;:&quot;&quot;,&quot;caption&quot;:&quot;&quot;,&quot;created_timestamp&quot;:&quot;0&quot;,&quot;copyright&quot;:&quot;&quot;,&quot;focal_length&quot;:&quot;0&quot;,&quot;iso&quot;:&quot;0&quot;,&quot;shutter_speed&quot;:&quot;0&quot;,&quot;title&quot;:&quot;&quot;,&quot;orientation&quot;:&quot;0&quot;,&quot;keywords&quot;:&quot;Array&quot;}\" data-image-title=\"Artesauak II\" data-image-description=\"\" data-medium-file=\"http:\/\/www.oitz.org\/wp-content\/uploads\/sites\/34\/2018\/04\/Artesauak-II-300x225.jpg\" data-large-file=\"http:\/\/www.oitz.org\/wp-content\/uploads\/sites\/34\/2018\/04\/Artesauak-II.jpg\" \/><\/a>\n\t\t\t<\/dt><\/dl><dl class='gallery-item'>\n\t\t\t<dt class='gallery-icon landscape'>\n\t\t\t\t<a href='http:\/\/www.oitz.org\/es\/artesauak-iii\/'><img loading=\"lazy\" decoding=\"async\" width=\"150\" height=\"150\" src=\"http:\/\/www.oitz.org\/wp-content\/uploads\/sites\/34\/2018\/04\/Artesauak-III-150x150.jpg\" class=\"attachment-thumbnail size-thumbnail\" alt=\"\" srcset=\"http:\/\/www.oitz.org\/wp-content\/uploads\/sites\/34\/2018\/04\/Artesauak-III-150x150.jpg 150w, http:\/\/www.oitz.org\/wp-content\/uploads\/sites\/34\/2018\/04\/Artesauak-III-230x230.jpg 230w\" sizes=\"auto, (max-width: 150px) 100vw, 150px\" data-attachment-id=\"31\" data-orig-file=\"http:\/\/www.oitz.org\/wp-content\/uploads\/sites\/34\/2018\/04\/Artesauak-III.jpg\" data-orig-size=\"480,319\" data-comments-opened=\"0\" data-image-meta=\"{&quot;aperture&quot;:&quot;0&quot;,&quot;credit&quot;:&quot;&quot;,&quot;camera&quot;:&quot;&quot;,&quot;caption&quot;:&quot;&quot;,&quot;created_timestamp&quot;:&quot;0&quot;,&quot;copyright&quot;:&quot;&quot;,&quot;focal_length&quot;:&quot;0&quot;,&quot;iso&quot;:&quot;0&quot;,&quot;shutter_speed&quot;:&quot;0&quot;,&quot;title&quot;:&quot;&quot;,&quot;orientation&quot;:&quot;0&quot;,&quot;keywords&quot;:&quot;Array&quot;}\" data-image-title=\"Artesauak III\" data-image-description=\"\" data-medium-file=\"http:\/\/www.oitz.org\/wp-content\/uploads\/sites\/34\/2018\/04\/Artesauak-III-300x199.jpg\" data-large-file=\"http:\/\/www.oitz.org\/wp-content\/uploads\/sites\/34\/2018\/04\/Artesauak-III.jpg\" \/><\/a>\n\t\t\t<\/dt><\/dl><br style=\"clear: both\" \/><dl class='gallery-item'>\n\t\t\t<dt class='gallery-icon landscape'>\n\t\t\t\t<a href='http:\/\/www.oitz.org\/es\/borda\/'><img loading=\"lazy\" decoding=\"async\" width=\"150\" height=\"150\" src=\"http:\/\/www.oitz.org\/wp-content\/uploads\/sites\/34\/2018\/04\/Borda-150x150.jpg\" class=\"attachment-thumbnail size-thumbnail\" alt=\"\" srcset=\"http:\/\/www.oitz.org\/wp-content\/uploads\/sites\/34\/2018\/04\/Borda-150x150.jpg 150w, http:\/\/www.oitz.org\/wp-content\/uploads\/sites\/34\/2018\/04\/Borda-230x230.jpg 230w\" sizes=\"auto, (max-width: 150px) 100vw, 150px\" data-attachment-id=\"32\" data-orig-file=\"http:\/\/www.oitz.org\/wp-content\/uploads\/sites\/34\/2018\/04\/Borda.jpg\" data-orig-size=\"512,384\" data-comments-opened=\"0\" data-image-meta=\"{&quot;aperture&quot;:&quot;0&quot;,&quot;credit&quot;:&quot;&quot;,&quot;camera&quot;:&quot;&quot;,&quot;caption&quot;:&quot;&quot;,&quot;created_timestamp&quot;:&quot;0&quot;,&quot;copyright&quot;:&quot;&quot;,&quot;focal_length&quot;:&quot;0&quot;,&quot;iso&quot;:&quot;0&quot;,&quot;shutter_speed&quot;:&quot;0&quot;,&quot;title&quot;:&quot;&quot;,&quot;orientation&quot;:&quot;0&quot;,&quot;keywords&quot;:&quot;Array&quot;}\" data-image-title=\"Borda\" data-image-description=\"\" data-medium-file=\"http:\/\/www.oitz.org\/wp-content\/uploads\/sites\/34\/2018\/04\/Borda-300x225.jpg\" data-large-file=\"http:\/\/www.oitz.org\/wp-content\/uploads\/sites\/34\/2018\/04\/Borda.jpg\" \/><\/a>\n\t\t\t<\/dt><\/dl><dl class='gallery-item'>\n\t\t\t<dt class='gallery-icon portrait'>\n\t\t\t\t<a href='http:\/\/www.oitz.org\/es\/erreka\/'><img loading=\"lazy\" decoding=\"async\" width=\"150\" height=\"150\" src=\"http:\/\/www.oitz.org\/wp-content\/uploads\/sites\/34\/2018\/04\/Erreka-150x150.jpg\" class=\"attachment-thumbnail size-thumbnail\" alt=\"\" srcset=\"http:\/\/www.oitz.org\/wp-content\/uploads\/sites\/34\/2018\/04\/Erreka-150x150.jpg 150w, http:\/\/www.oitz.org\/wp-content\/uploads\/sites\/34\/2018\/04\/Erreka-230x230.jpg 230w\" sizes=\"auto, (max-width: 150px) 100vw, 150px\" data-attachment-id=\"33\" data-orig-file=\"http:\/\/www.oitz.org\/wp-content\/uploads\/sites\/34\/2018\/04\/Erreka.jpg\" data-orig-size=\"384,512\" data-comments-opened=\"0\" data-image-meta=\"{&quot;aperture&quot;:&quot;0&quot;,&quot;credit&quot;:&quot;&quot;,&quot;camera&quot;:&quot;&quot;,&quot;caption&quot;:&quot;&quot;,&quot;created_timestamp&quot;:&quot;0&quot;,&quot;copyright&quot;:&quot;&quot;,&quot;focal_length&quot;:&quot;0&quot;,&quot;iso&quot;:&quot;0&quot;,&quot;shutter_speed&quot;:&quot;0&quot;,&quot;title&quot;:&quot;&quot;,&quot;orientation&quot;:&quot;0&quot;,&quot;keywords&quot;:&quot;Array&quot;}\" data-image-title=\"Erreka\" data-image-description=\"\" data-medium-file=\"http:\/\/www.oitz.org\/wp-content\/uploads\/sites\/34\/2018\/04\/Erreka-225x300.jpg\" data-large-file=\"http:\/\/www.oitz.org\/wp-content\/uploads\/sites\/34\/2018\/04\/Erreka.jpg\" \/><\/a>\n\t\t\t<\/dt><\/dl><dl class='gallery-item'>\n\t\t\t<dt class='gallery-icon portrait'>\n\t\t\t\t<a href='http:\/\/www.oitz.org\/es\/gurutzea\/'><img loading=\"lazy\" decoding=\"async\" width=\"150\" height=\"150\" src=\"http:\/\/www.oitz.org\/wp-content\/uploads\/sites\/34\/2018\/04\/Gurutzea-150x150.jpg\" class=\"attachment-thumbnail size-thumbnail\" alt=\"\" srcset=\"http:\/\/www.oitz.org\/wp-content\/uploads\/sites\/34\/2018\/04\/Gurutzea-150x150.jpg 150w, http:\/\/www.oitz.org\/wp-content\/uploads\/sites\/34\/2018\/04\/Gurutzea-230x230.jpg 230w\" sizes=\"auto, (max-width: 150px) 100vw, 150px\" data-attachment-id=\"34\" data-orig-file=\"http:\/\/www.oitz.org\/wp-content\/uploads\/sites\/34\/2018\/04\/Gurutzea.jpg\" data-orig-size=\"332,447\" data-comments-opened=\"0\" data-image-meta=\"{&quot;aperture&quot;:&quot;0&quot;,&quot;credit&quot;:&quot;&quot;,&quot;camera&quot;:&quot;&quot;,&quot;caption&quot;:&quot;&quot;,&quot;created_timestamp&quot;:&quot;0&quot;,&quot;copyright&quot;:&quot;&quot;,&quot;focal_length&quot;:&quot;0&quot;,&quot;iso&quot;:&quot;0&quot;,&quot;shutter_speed&quot;:&quot;0&quot;,&quot;title&quot;:&quot;&quot;,&quot;orientation&quot;:&quot;0&quot;,&quot;keywords&quot;:&quot;Array&quot;}\" data-image-title=\"Gurutzea\" data-image-description=\"\" data-medium-file=\"http:\/\/www.oitz.org\/wp-content\/uploads\/sites\/34\/2018\/04\/Gurutzea-223x300.jpg\" data-large-file=\"http:\/\/www.oitz.org\/wp-content\/uploads\/sites\/34\/2018\/04\/Gurutzea.jpg\" \/><\/a>\n\t\t\t<\/dt><\/dl><br style=\"clear: both\" \/><dl class='gallery-item'>\n\t\t\t<dt class='gallery-icon landscape'>\n\t\t\t\t<a href='http:\/\/www.oitz.org\/es\/herri-kirola\/'><img loading=\"lazy\" decoding=\"async\" width=\"150\" height=\"150\" src=\"http:\/\/www.oitz.org\/wp-content\/uploads\/sites\/34\/2018\/04\/Herri-kirola-150x150.jpg\" class=\"attachment-thumbnail size-thumbnail\" alt=\"\" srcset=\"http:\/\/www.oitz.org\/wp-content\/uploads\/sites\/34\/2018\/04\/Herri-kirola-150x150.jpg 150w, http:\/\/www.oitz.org\/wp-content\/uploads\/sites\/34\/2018\/04\/Herri-kirola-230x230.jpg 230w\" sizes=\"auto, (max-width: 150px) 100vw, 150px\" data-attachment-id=\"35\" data-orig-file=\"http:\/\/www.oitz.org\/wp-content\/uploads\/sites\/34\/2018\/04\/Herri-kirola.jpg\" data-orig-size=\"512,384\" data-comments-opened=\"0\" data-image-meta=\"{&quot;aperture&quot;:&quot;0&quot;,&quot;credit&quot;:&quot;&quot;,&quot;camera&quot;:&quot;&quot;,&quot;caption&quot;:&quot;&quot;,&quot;created_timestamp&quot;:&quot;0&quot;,&quot;copyright&quot;:&quot;&quot;,&quot;focal_length&quot;:&quot;0&quot;,&quot;iso&quot;:&quot;0&quot;,&quot;shutter_speed&quot;:&quot;0&quot;,&quot;title&quot;:&quot;&quot;,&quot;orientation&quot;:&quot;0&quot;,&quot;keywords&quot;:&quot;Array&quot;}\" data-image-title=\"Herri kirola\" data-image-description=\"\" data-medium-file=\"http:\/\/www.oitz.org\/wp-content\/uploads\/sites\/34\/2018\/04\/Herri-kirola-300x225.jpg\" data-large-file=\"http:\/\/www.oitz.org\/wp-content\/uploads\/sites\/34\/2018\/04\/Herri-kirola.jpg\" \/><\/a>\n\t\t\t<\/dt><\/dl><dl class='gallery-item'>\n\t\t\t<dt class='gallery-icon portrait'>\n\t\t\t\t<a href='http:\/\/www.oitz.org\/es\/olympus-digital-camera\/'><img loading=\"lazy\" decoding=\"async\" width=\"150\" height=\"150\" src=\"http:\/\/www.oitz.org\/wp-content\/uploads\/sites\/34\/2018\/04\/Herria-II-150x150.jpg\" class=\"attachment-thumbnail size-thumbnail\" alt=\"\" srcset=\"http:\/\/www.oitz.org\/wp-content\/uploads\/sites\/34\/2018\/04\/Herria-II-150x150.jpg 150w, http:\/\/www.oitz.org\/wp-content\/uploads\/sites\/34\/2018\/04\/Herria-II-230x230.jpg 230w\" sizes=\"auto, (max-width: 150px) 100vw, 150px\" data-attachment-id=\"36\" data-orig-file=\"http:\/\/www.oitz.org\/wp-content\/uploads\/sites\/34\/2018\/04\/Herria-II.jpg\" data-orig-size=\"384,512\" data-comments-opened=\"0\" data-image-meta=\"{&quot;aperture&quot;:&quot;0&quot;,&quot;credit&quot;:&quot;&quot;,&quot;camera&quot;:&quot;&quot;,&quot;caption&quot;:&quot;OLYMPUS DIGITAL CAMERA&quot;,&quot;created_timestamp&quot;:&quot;0&quot;,&quot;copyright&quot;:&quot;&quot;,&quot;focal_length&quot;:&quot;0&quot;,&quot;iso&quot;:&quot;0&quot;,&quot;shutter_speed&quot;:&quot;0&quot;,&quot;title&quot;:&quot;OLYMPUS DIGITAL CAMERA&quot;,&quot;orientation&quot;:&quot;0&quot;,&quot;keywords&quot;:&quot;Array&quot;}\" data-image-title=\"OLYMPUS DIGITAL CAMERA\" data-image-description=\"\" data-medium-file=\"http:\/\/www.oitz.org\/wp-content\/uploads\/sites\/34\/2018\/04\/Herria-II-225x300.jpg\" data-large-file=\"http:\/\/www.oitz.org\/wp-content\/uploads\/sites\/34\/2018\/04\/Herria-II.jpg\" \/><\/a>\n\t\t\t<\/dt><\/dl><dl class='gallery-item'>\n\t\t\t<dt class='gallery-icon landscape'>\n\t\t\t\t<a href='http:\/\/www.oitz.org\/es\/herria\/'><img loading=\"lazy\" decoding=\"async\" width=\"150\" height=\"150\" src=\"http:\/\/www.oitz.org\/wp-content\/uploads\/sites\/34\/2018\/04\/Herria-150x150.jpg\" class=\"attachment-thumbnail size-thumbnail\" alt=\"\" srcset=\"http:\/\/www.oitz.org\/wp-content\/uploads\/sites\/34\/2018\/04\/Herria-150x150.jpg 150w, http:\/\/www.oitz.org\/wp-content\/uploads\/sites\/34\/2018\/04\/Herria-230x230.jpg 230w\" sizes=\"auto, (max-width: 150px) 100vw, 150px\" data-attachment-id=\"37\" data-orig-file=\"http:\/\/www.oitz.org\/wp-content\/uploads\/sites\/34\/2018\/04\/Herria.jpg\" data-orig-size=\"512,384\" data-comments-opened=\"0\" data-image-meta=\"{&quot;aperture&quot;:&quot;0&quot;,&quot;credit&quot;:&quot;&quot;,&quot;camera&quot;:&quot;&quot;,&quot;caption&quot;:&quot;&quot;,&quot;created_timestamp&quot;:&quot;0&quot;,&quot;copyright&quot;:&quot;&quot;,&quot;focal_length&quot;:&quot;0&quot;,&quot;iso&quot;:&quot;0&quot;,&quot;shutter_speed&quot;:&quot;0&quot;,&quot;title&quot;:&quot;&quot;,&quot;orientation&quot;:&quot;0&quot;,&quot;keywords&quot;:&quot;Array&quot;}\" data-image-title=\"Herria\" data-image-description=\"\" data-medium-file=\"http:\/\/www.oitz.org\/wp-content\/uploads\/sites\/34\/2018\/04\/Herria-300x225.jpg\" data-large-file=\"http:\/\/www.oitz.org\/wp-content\/uploads\/sites\/34\/2018\/04\/Herria.jpg\" \/><\/a>\n\t\t\t<\/dt><\/dl><br style=\"clear: both\" \/><dl class='gallery-item'>\n\t\t\t<dt class='gallery-icon portrait'>\n\t\t\t\t<a href='http:\/\/www.oitz.org\/es\/kaltzada\/'><img loading=\"lazy\" decoding=\"async\" width=\"150\" height=\"150\" src=\"http:\/\/www.oitz.org\/wp-content\/uploads\/sites\/34\/2018\/04\/Kaltzada-150x150.jpg\" class=\"attachment-thumbnail size-thumbnail\" alt=\"\" srcset=\"http:\/\/www.oitz.org\/wp-content\/uploads\/sites\/34\/2018\/04\/Kaltzada-150x150.jpg 150w, http:\/\/www.oitz.org\/wp-content\/uploads\/sites\/34\/2018\/04\/Kaltzada-230x230.jpg 230w\" sizes=\"auto, (max-width: 150px) 100vw, 150px\" data-attachment-id=\"38\" data-orig-file=\"http:\/\/www.oitz.org\/wp-content\/uploads\/sites\/34\/2018\/04\/Kaltzada.jpg\" data-orig-size=\"384,512\" data-comments-opened=\"0\" data-image-meta=\"{&quot;aperture&quot;:&quot;0&quot;,&quot;credit&quot;:&quot;&quot;,&quot;camera&quot;:&quot;&quot;,&quot;caption&quot;:&quot;&quot;,&quot;created_timestamp&quot;:&quot;0&quot;,&quot;copyright&quot;:&quot;&quot;,&quot;focal_length&quot;:&quot;0&quot;,&quot;iso&quot;:&quot;0&quot;,&quot;shutter_speed&quot;:&quot;0&quot;,&quot;title&quot;:&quot;&quot;,&quot;orientation&quot;:&quot;0&quot;,&quot;keywords&quot;:&quot;Array&quot;}\" data-image-title=\"Kaltzada\" data-image-description=\"\" data-medium-file=\"http:\/\/www.oitz.org\/wp-content\/uploads\/sites\/34\/2018\/04\/Kaltzada-225x300.jpg\" data-large-file=\"http:\/\/www.oitz.org\/wp-content\/uploads\/sites\/34\/2018\/04\/Kaltzada.jpg\" \/><\/a>\n\t\t\t<\/dt><\/dl><dl class='gallery-item'>\n\t\t\t<dt class='gallery-icon landscape'>\n\t\t\t\t<a href='http:\/\/www.oitz.org\/es\/kisu-labea\/'><img loading=\"lazy\" decoding=\"async\" width=\"150\" height=\"150\" src=\"http:\/\/www.oitz.org\/wp-content\/uploads\/sites\/34\/2018\/04\/Kisu-labea-150x150.jpg\" class=\"attachment-thumbnail size-thumbnail\" alt=\"\" srcset=\"http:\/\/www.oitz.org\/wp-content\/uploads\/sites\/34\/2018\/04\/Kisu-labea-150x150.jpg 150w, http:\/\/www.oitz.org\/wp-content\/uploads\/sites\/34\/2018\/04\/Kisu-labea-230x230.jpg 230w\" sizes=\"auto, (max-width: 150px) 100vw, 150px\" data-attachment-id=\"39\" data-orig-file=\"http:\/\/www.oitz.org\/wp-content\/uploads\/sites\/34\/2018\/04\/Kisu-labea.jpg\" data-orig-size=\"512,384\" data-comments-opened=\"0\" data-image-meta=\"{&quot;aperture&quot;:&quot;0&quot;,&quot;credit&quot;:&quot;&quot;,&quot;camera&quot;:&quot;&quot;,&quot;caption&quot;:&quot;&quot;,&quot;created_timestamp&quot;:&quot;0&quot;,&quot;copyright&quot;:&quot;&quot;,&quot;focal_length&quot;:&quot;0&quot;,&quot;iso&quot;:&quot;0&quot;,&quot;shutter_speed&quot;:&quot;0&quot;,&quot;title&quot;:&quot;&quot;,&quot;orientation&quot;:&quot;0&quot;,&quot;keywords&quot;:&quot;Array&quot;}\" data-image-title=\"Kisu-labea\" data-image-description=\"\" data-medium-file=\"http:\/\/www.oitz.org\/wp-content\/uploads\/sites\/34\/2018\/04\/Kisu-labea-300x225.jpg\" data-large-file=\"http:\/\/www.oitz.org\/wp-content\/uploads\/sites\/34\/2018\/04\/Kisu-labea.jpg\" \/><\/a>\n\t\t\t<\/dt><\/dl><dl class='gallery-item'>\n\t\t\t<dt class='gallery-icon portrait'>\n\t\t\t\t<a href='http:\/\/www.oitz.org\/es\/lateral\/'><img loading=\"lazy\" decoding=\"async\" width=\"113\" height=\"150\" src=\"http:\/\/www.oitz.org\/wp-content\/uploads\/sites\/34\/2018\/04\/lateral-113x150.jpg\" class=\"attachment-thumbnail size-thumbnail\" alt=\"\" data-attachment-id=\"40\" data-orig-file=\"http:\/\/www.oitz.org\/wp-content\/uploads\/sites\/34\/2018\/04\/lateral.jpg\" data-orig-size=\"113,250\" data-comments-opened=\"0\" data-image-meta=\"{&quot;aperture&quot;:&quot;0&quot;,&quot;credit&quot;:&quot;&quot;,&quot;camera&quot;:&quot;&quot;,&quot;caption&quot;:&quot;&quot;,&quot;created_timestamp&quot;:&quot;0&quot;,&quot;copyright&quot;:&quot;&quot;,&quot;focal_length&quot;:&quot;0&quot;,&quot;iso&quot;:&quot;0&quot;,&quot;shutter_speed&quot;:&quot;0&quot;,&quot;title&quot;:&quot;&quot;,&quot;orientation&quot;:&quot;0&quot;,&quot;keywords&quot;:&quot;Array&quot;}\" data-image-title=\"lateral\" data-image-description=\"\" data-medium-file=\"http:\/\/www.oitz.org\/wp-content\/uploads\/sites\/34\/2018\/04\/lateral.jpg\" data-large-file=\"http:\/\/www.oitz.org\/wp-content\/uploads\/sites\/34\/2018\/04\/lateral.jpg\" \/><\/a>\n\t\t\t<\/dt><\/dl><br style=\"clear: both\" \/><dl class='gallery-item'>\n\t\t\t<dt class='gallery-icon landscape'>\n\t\t\t\t<a href='http:\/\/www.oitz.org\/es\/laxoa-i\/'><img loading=\"lazy\" decoding=\"async\" width=\"150\" height=\"150\" src=\"http:\/\/www.oitz.org\/wp-content\/uploads\/sites\/34\/2018\/04\/Laxoa-I-150x150.jpg\" class=\"attachment-thumbnail size-thumbnail\" alt=\"\" srcset=\"http:\/\/www.oitz.org\/wp-content\/uploads\/sites\/34\/2018\/04\/Laxoa-I-150x150.jpg 150w, http:\/\/www.oitz.org\/wp-content\/uploads\/sites\/34\/2018\/04\/Laxoa-I-230x230.jpg 230w\" sizes=\"auto, (max-width: 150px) 100vw, 150px\" data-attachment-id=\"41\" data-orig-file=\"http:\/\/www.oitz.org\/wp-content\/uploads\/sites\/34\/2018\/04\/Laxoa-I.jpg\" data-orig-size=\"512,384\" data-comments-opened=\"0\" data-image-meta=\"{&quot;aperture&quot;:&quot;0&quot;,&quot;credit&quot;:&quot;&quot;,&quot;camera&quot;:&quot;&quot;,&quot;caption&quot;:&quot;&quot;,&quot;created_timestamp&quot;:&quot;0&quot;,&quot;copyright&quot;:&quot;&quot;,&quot;focal_length&quot;:&quot;0&quot;,&quot;iso&quot;:&quot;0&quot;,&quot;shutter_speed&quot;:&quot;0&quot;,&quot;title&quot;:&quot;&quot;,&quot;orientation&quot;:&quot;0&quot;,&quot;keywords&quot;:&quot;Array&quot;}\" data-image-title=\"Laxoa I\" data-image-description=\"\" data-medium-file=\"http:\/\/www.oitz.org\/wp-content\/uploads\/sites\/34\/2018\/04\/Laxoa-I-300x225.jpg\" data-large-file=\"http:\/\/www.oitz.org\/wp-content\/uploads\/sites\/34\/2018\/04\/Laxoa-I.jpg\" \/><\/a>\n\t\t\t<\/dt><\/dl><dl class='gallery-item'>\n\t\t\t<dt class='gallery-icon landscape'>\n\t\t\t\t<a href='http:\/\/www.oitz.org\/es\/laxoa-ii\/'><img loading=\"lazy\" decoding=\"async\" width=\"150\" height=\"150\" src=\"http:\/\/www.oitz.org\/wp-content\/uploads\/sites\/34\/2018\/04\/Laxoa-II-150x150.jpg\" class=\"attachment-thumbnail size-thumbnail\" alt=\"\" srcset=\"http:\/\/www.oitz.org\/wp-content\/uploads\/sites\/34\/2018\/04\/Laxoa-II-150x150.jpg 150w, http:\/\/www.oitz.org\/wp-content\/uploads\/sites\/34\/2018\/04\/Laxoa-II-230x230.jpg 230w\" sizes=\"auto, (max-width: 150px) 100vw, 150px\" data-attachment-id=\"42\" data-orig-file=\"http:\/\/www.oitz.org\/wp-content\/uploads\/sites\/34\/2018\/04\/Laxoa-II.jpg\" data-orig-size=\"512,384\" data-comments-opened=\"0\" data-image-meta=\"{&quot;aperture&quot;:&quot;0&quot;,&quot;credit&quot;:&quot;&quot;,&quot;camera&quot;:&quot;&quot;,&quot;caption&quot;:&quot;&quot;,&quot;created_timestamp&quot;:&quot;0&quot;,&quot;copyright&quot;:&quot;&quot;,&quot;focal_length&quot;:&quot;0&quot;,&quot;iso&quot;:&quot;0&quot;,&quot;shutter_speed&quot;:&quot;0&quot;,&quot;title&quot;:&quot;&quot;,&quot;orientation&quot;:&quot;0&quot;,&quot;keywords&quot;:&quot;Array&quot;}\" data-image-title=\"Laxoa II\" data-image-description=\"\" data-medium-file=\"http:\/\/www.oitz.org\/wp-content\/uploads\/sites\/34\/2018\/04\/Laxoa-II-300x225.jpg\" data-large-file=\"http:\/\/www.oitz.org\/wp-content\/uploads\/sites\/34\/2018\/04\/Laxoa-II.jpg\" \/><\/a>\n\t\t\t<\/dt><\/dl><dl class='gallery-item'>\n\t\t\t<dt class='gallery-icon landscape'>\n\t\t\t\t<a href='http:\/\/www.oitz.org\/es\/laxoa-iii\/'><img loading=\"lazy\" decoding=\"async\" width=\"150\" height=\"150\" src=\"http:\/\/www.oitz.org\/wp-content\/uploads\/sites\/34\/2018\/04\/Laxoa-III-150x150.jpg\" class=\"attachment-thumbnail size-thumbnail\" alt=\"\" srcset=\"http:\/\/www.oitz.org\/wp-content\/uploads\/sites\/34\/2018\/04\/Laxoa-III-150x150.jpg 150w, http:\/\/www.oitz.org\/wp-content\/uploads\/sites\/34\/2018\/04\/Laxoa-III-230x230.jpg 230w\" sizes=\"auto, (max-width: 150px) 100vw, 150px\" data-attachment-id=\"43\" data-orig-file=\"http:\/\/www.oitz.org\/wp-content\/uploads\/sites\/34\/2018\/04\/Laxoa-III.jpg\" data-orig-size=\"512,384\" data-comments-opened=\"0\" data-image-meta=\"{&quot;aperture&quot;:&quot;0&quot;,&quot;credit&quot;:&quot;&quot;,&quot;camera&quot;:&quot;&quot;,&quot;caption&quot;:&quot;&quot;,&quot;created_timestamp&quot;:&quot;0&quot;,&quot;copyright&quot;:&quot;&quot;,&quot;focal_length&quot;:&quot;0&quot;,&quot;iso&quot;:&quot;0&quot;,&quot;shutter_speed&quot;:&quot;0&quot;,&quot;title&quot;:&quot;&quot;,&quot;orientation&quot;:&quot;0&quot;,&quot;keywords&quot;:&quot;Array&quot;}\" data-image-title=\"Laxoa III\" data-image-description=\"\" data-medium-file=\"http:\/\/www.oitz.org\/wp-content\/uploads\/sites\/34\/2018\/04\/Laxoa-III-300x225.jpg\" data-large-file=\"http:\/\/www.oitz.org\/wp-content\/uploads\/sites\/34\/2018\/04\/Laxoa-III.jpg\" \/><\/a>\n\t\t\t<\/dt><\/dl><br style=\"clear: both\" \/><dl class='gallery-item'>\n\t\t\t<dt class='gallery-icon landscape'>\n\t\t\t\t<a href='http:\/\/www.oitz.org\/es\/mendia\/'><img loading=\"lazy\" decoding=\"async\" width=\"150\" height=\"150\" src=\"http:\/\/www.oitz.org\/wp-content\/uploads\/sites\/34\/2018\/04\/Mendia-150x150.jpg\" class=\"attachment-thumbnail size-thumbnail\" alt=\"\" srcset=\"http:\/\/www.oitz.org\/wp-content\/uploads\/sites\/34\/2018\/04\/Mendia-150x150.jpg 150w, http:\/\/www.oitz.org\/wp-content\/uploads\/sites\/34\/2018\/04\/Mendia-230x230.jpg 230w\" sizes=\"auto, (max-width: 150px) 100vw, 150px\" data-attachment-id=\"44\" data-orig-file=\"http:\/\/www.oitz.org\/wp-content\/uploads\/sites\/34\/2018\/04\/Mendia.jpg\" data-orig-size=\"512,384\" data-comments-opened=\"0\" data-image-meta=\"{&quot;aperture&quot;:&quot;0&quot;,&quot;credit&quot;:&quot;&quot;,&quot;camera&quot;:&quot;&quot;,&quot;caption&quot;:&quot;&quot;,&quot;created_timestamp&quot;:&quot;0&quot;,&quot;copyright&quot;:&quot;&quot;,&quot;focal_length&quot;:&quot;0&quot;,&quot;iso&quot;:&quot;0&quot;,&quot;shutter_speed&quot;:&quot;0&quot;,&quot;title&quot;:&quot;&quot;,&quot;orientation&quot;:&quot;0&quot;,&quot;keywords&quot;:&quot;Array&quot;}\" data-image-title=\"Mendia\" data-image-description=\"\" data-medium-file=\"http:\/\/www.oitz.org\/wp-content\/uploads\/sites\/34\/2018\/04\/Mendia-300x225.jpg\" data-large-file=\"http:\/\/www.oitz.org\/wp-content\/uploads\/sites\/34\/2018\/04\/Mendia.jpg\" \/><\/a>\n\t\t\t<\/dt><\/dl><dl class='gallery-item'>\n\t\t\t<dt class='gallery-icon landscape'>\n\t\t\t\t<a href='http:\/\/www.oitz.org\/es\/ohiana\/'><img loading=\"lazy\" decoding=\"async\" width=\"150\" height=\"150\" src=\"http:\/\/www.oitz.org\/wp-content\/uploads\/sites\/34\/2018\/04\/Ohiana-150x150.jpg\" class=\"attachment-thumbnail size-thumbnail\" alt=\"\" srcset=\"http:\/\/www.oitz.org\/wp-content\/uploads\/sites\/34\/2018\/04\/Ohiana-150x150.jpg 150w, http:\/\/www.oitz.org\/wp-content\/uploads\/sites\/34\/2018\/04\/Ohiana-230x230.jpg 230w\" sizes=\"auto, (max-width: 150px) 100vw, 150px\" data-attachment-id=\"45\" data-orig-file=\"http:\/\/www.oitz.org\/wp-content\/uploads\/sites\/34\/2018\/04\/Ohiana.jpg\" data-orig-size=\"512,384\" data-comments-opened=\"0\" data-image-meta=\"{&quot;aperture&quot;:&quot;0&quot;,&quot;credit&quot;:&quot;&quot;,&quot;camera&quot;:&quot;&quot;,&quot;caption&quot;:&quot;&quot;,&quot;created_timestamp&quot;:&quot;0&quot;,&quot;copyright&quot;:&quot;&quot;,&quot;focal_length&quot;:&quot;0&quot;,&quot;iso&quot;:&quot;0&quot;,&quot;shutter_speed&quot;:&quot;0&quot;,&quot;title&quot;:&quot;&quot;,&quot;orientation&quot;:&quot;0&quot;,&quot;keywords&quot;:&quot;Array&quot;}\" data-image-title=\"Ohiana\" data-image-description=\"\" data-medium-file=\"http:\/\/www.oitz.org\/wp-content\/uploads\/sites\/34\/2018\/04\/Ohiana-300x225.jpg\" data-large-file=\"http:\/\/www.oitz.org\/wp-content\/uploads\/sites\/34\/2018\/04\/Ohiana.jpg\" \/><\/a>\n\t\t\t<\/dt><\/dl><dl class='gallery-item'>\n\t\t\t<dt class='gallery-icon landscape'>\n\t\t\t\t<a href='http:\/\/www.oitz.org\/es\/zubia\/'><img loading=\"lazy\" decoding=\"async\" width=\"150\" height=\"150\" src=\"http:\/\/www.oitz.org\/wp-content\/uploads\/sites\/34\/2018\/04\/Zubia-150x150.jpg\" class=\"attachment-thumbnail size-thumbnail\" alt=\"\" srcset=\"http:\/\/www.oitz.org\/wp-content\/uploads\/sites\/34\/2018\/04\/Zubia-150x150.jpg 150w, http:\/\/www.oitz.org\/wp-content\/uploads\/sites\/34\/2018\/04\/Zubia-230x230.jpg 230w\" sizes=\"auto, (max-width: 150px) 100vw, 150px\" data-attachment-id=\"46\" data-orig-file=\"http:\/\/www.oitz.org\/wp-content\/uploads\/sites\/34\/2018\/04\/Zubia.jpg\" data-orig-size=\"512,384\" data-comments-opened=\"0\" data-image-meta=\"{&quot;aperture&quot;:&quot;0&quot;,&quot;credit&quot;:&quot;&quot;,&quot;camera&quot;:&quot;&quot;,&quot;caption&quot;:&quot;&quot;,&quot;created_timestamp&quot;:&quot;0&quot;,&quot;copyright&quot;:&quot;&quot;,&quot;focal_length&quot;:&quot;0&quot;,&quot;iso&quot;:&quot;0&quot;,&quot;shutter_speed&quot;:&quot;0&quot;,&quot;title&quot;:&quot;&quot;,&quot;orientation&quot;:&quot;0&quot;,&quot;keywords&quot;:&quot;Array&quot;}\" data-image-title=\"Zubia\" data-image-description=\"\" data-medium-file=\"http:\/\/www.oitz.org\/wp-content\/uploads\/sites\/34\/2018\/04\/Zubia-300x225.jpg\" data-large-file=\"http:\/\/www.oitz.org\/wp-content\/uploads\/sites\/34\/2018\/04\/Zubia.jpg\" \/><\/a>\n\t\t\t<\/dt><\/dl><br style=\"clear: both\" \/>\n\t\t<\/div>\n\n<p><iframe loading=\"lazy\" title=\"Navarra  263  OIZ  comarca del Malerreka\" width=\"700\" height=\"394\" src=\"https:\/\/www.youtube.com\/embed\/m4M0n2aDL6Q?feature=oembed\" frameborder=\"0\" allow=\"accelerometer; autoplay; clipboard-write; encrypted-media; gyroscope; picture-in-picture; web-share\" referrerpolicy=\"strict-origin-when-cross-origin\" allowfullscreen><\/iframe><\/p>","protected":false},"excerpt":{"rendered":"<p>GEOGRAF\u00cdA Oitz, situado en la comarca de Malerreka en los pirineos Atl\u00e1nticos es un pueblo t\u00edpico de la zona norte de Navarra con sus casas grandes de piedra, calles estrechas y empedradas con losa roja. Situado a media altura, en&hellip; <\/p>\n","protected":false},"author":1,"featured_media":80,"parent":0,"menu_order":10,"comment_status":"closed","ping_status":"closed","template":"","meta":{"_monsterinsights_skip_tracking":false,"_monsterinsights_sitenote_active":false,"_monsterinsights_sitenote_note":"","_monsterinsights_sitenote_category":0,"footnotes":""},"class_list":["post-6","page","type-page","status-publish","has-post-thumbnail","hentry"],"yoast_head":"<!-- This site is optimized with the Yoast SEO plugin v26.8 - https:\/\/yoast.com\/product\/yoast-seo-wordpress\/ -->\r\n<title>Vis\u00edtanos - Ayuntamiento de Oitz<\/title>\r\n<meta name=\"robots\" content=\"index, follow, max-snippet:-1, max-image-preview:large, max-video-preview:-1\" \/>\r\n<link rel=\"canonical\" href=\"http:\/\/www.oitz.org\/es\/visitanos\/\" \/>\r\n<meta property=\"og:locale\" content=\"es_ES\" \/>\r\n<meta property=\"og:type\" content=\"article\" \/>\r\n<meta property=\"og:title\" content=\"Vis\u00edtanos - Ayuntamiento de Oitz\" \/>\r\n<meta property=\"og:description\" content=\"GEOGRAF\u00cdA Oitz, situado en la comarca de Malerreka en los pirineos Atl\u00e1nticos es un pueblo t\u00edpico de la zona norte de Navarra con sus casas grandes de piedra, calles estrechas y empedradas con losa roja. Situado a media altura, en&hellip;\" \/>\r\n<meta property=\"og:url\" content=\"http:\/\/www.oitz.org\/es\/visitanos\/\" \/>\r\n<meta property=\"og:site_name\" content=\"Ayuntamiento de Oitz\" \/>\r\n<meta property=\"article:modified_time\" content=\"2024-11-07T08:56:17+00:00\" \/>\r\n<meta property=\"og:image\" content=\"http:\/\/www.oitz.org\/wp-content\/uploads\/sites\/34\/2018\/04\/Slider-Oitz2.jpg\" \/>\r\n\t<meta property=\"og:image:width\" content=\"1018\" \/>\r\n\t<meta property=\"og:image:height\" content=\"275\" \/>\r\n\t<meta property=\"og:image:type\" content=\"image\/jpeg\" \/>\r\n<meta name=\"twitter:card\" content=\"summary_large_image\" \/>\r\n<meta name=\"twitter:label1\" content=\"Tiempo de lectura\" \/>\n\t<meta name=\"twitter:data1\" content=\"3 minutos\" \/>\r\n<script type=\"application\/ld+json\" class=\"yoast-schema-graph\">{\"@context\":\"https:\/\/schema.org\",\"@graph\":[{\"@type\":\"WebPage\",\"@id\":\"http:\/\/www.oitz.org\/es\/visitanos\/\",\"url\":\"http:\/\/www.oitz.org\/es\/visitanos\/\",\"name\":\"Vis\u00edtanos - Ayuntamiento de Oitz\",\"isPartOf\":{\"@id\":\"http:\/\/www.oitz.org\/es\/#website\"},\"primaryImageOfPage\":{\"@id\":\"http:\/\/www.oitz.org\/es\/visitanos\/#primaryimage\"},\"image\":{\"@id\":\"http:\/\/www.oitz.org\/visitanos\/#primaryimage\"},\"thumbnailUrl\":\"http:\/\/www.oitz.org\/wp-content\/uploads\/sites\/34\/2018\/04\/Slider-Oitz2.jpg\",\"datePublished\":\"2018-04-05T07:35:03+00:00\",\"dateModified\":\"2024-11-07T08:56:17+00:00\",\"breadcrumb\":{\"@id\":\"http:\/\/www.oitz.org\/es\/visitanos\/#breadcrumb\"},\"inLanguage\":\"es\",\"potentialAction\":[{\"@type\":\"ReadAction\",\"target\":[[\"http:\/\/www.oitz.org\/es\/visitanos\/\"]]}]},{\"@type\":\"ImageObject\",\"inLanguage\":\"es\",\"@id\":\"http:\/\/www.oitz.org\/es\/visitanos\/#primaryimage\",\"url\":\"http:\/\/www.oitz.org\/wp-content\/uploads\/sites\/34\/2018\/04\/Slider-Oitz2.jpg\",\"contentUrl\":\"http:\/\/www.oitz.org\/wp-content\/uploads\/sites\/34\/2018\/04\/Slider-Oitz2.jpg\",\"width\":1018,\"height\":275},{\"@type\":\"BreadcrumbList\",\"@id\":\"http:\/\/www.oitz.org\/es\/visitanos\/#breadcrumb\",\"itemListElement\":[{\"@type\":\"ListItem\",\"position\":1,\"name\":\"Home\",\"item\":\"http:\/\/www.oitz.org\/es\/\"},{\"@type\":\"ListItem\",\"position\":2,\"name\":\"Vis\u00edtanos\"}]},{\"@type\":\"WebSite\",\"@id\":\"http:\/\/www.oitz.org\/es\/#website\",\"url\":\"http:\/\/www.oitz.org\/es\/\",\"name\":\"Ayuntamiento de Oitz\",\"description\":\"Sitio web del Ayuntamiento de Oitz \/ Oizko Udala\",\"potentialAction\":[{\"@type\":\"SearchAction\",\"target\":{\"@type\":\"EntryPoint\",\"urlTemplate\":\"http:\/\/www.oitz.org\/es\/?s={search_term_string}\"},\"query-input\":{\"@type\":\"PropertyValueSpecification\",\"valueRequired\":true,\"valueName\":\"search_term_string\"}}],\"inLanguage\":\"es\"}]}<\/script>\r\n<!-- \/ Yoast SEO plugin. -->","yoast_head_json":{"title":"Vis\u00edtanos - Ayuntamiento de Oitz","robots":{"index":"index","follow":"follow","max-snippet":"max-snippet:-1","max-image-preview":"max-image-preview:large","max-video-preview":"max-video-preview:-1"},"canonical":"http:\/\/www.oitz.org\/es\/visitanos\/","og_locale":"es_ES","og_type":"article","og_title":"Vis\u00edtanos - Ayuntamiento de Oitz","og_description":"GEOGRAF\u00cdA Oitz, situado en la comarca de Malerreka en los pirineos Atl\u00e1nticos es un pueblo t\u00edpico de la zona norte de Navarra con sus casas grandes de piedra, calles estrechas y empedradas con losa roja. Situado a media altura, en&hellip;","og_url":"http:\/\/www.oitz.org\/es\/visitanos\/","og_site_name":"Ayuntamiento de Oitz","article_modified_time":"2024-11-07T08:56:17+00:00","og_image":[{"width":1018,"height":275,"url":"http:\/\/www.oitz.org\/wp-content\/uploads\/sites\/34\/2018\/04\/Slider-Oitz2.jpg","type":"image\/jpeg"}],"twitter_card":"summary_large_image","twitter_misc":{"Tiempo de lectura":"3 minutos"},"schema":{"@context":"https:\/\/schema.org","@graph":[{"@type":"WebPage","@id":"http:\/\/www.oitz.org\/es\/visitanos\/","url":"http:\/\/www.oitz.org\/es\/visitanos\/","name":"Vis\u00edtanos - Ayuntamiento de Oitz","isPartOf":{"@id":"http:\/\/www.oitz.org\/es\/#website"},"primaryImageOfPage":{"@id":"http:\/\/www.oitz.org\/es\/visitanos\/#primaryimage"},"image":{"@id":"http:\/\/www.oitz.org\/visitanos\/#primaryimage"},"thumbnailUrl":"http:\/\/www.oitz.org\/wp-content\/uploads\/sites\/34\/2018\/04\/Slider-Oitz2.jpg","datePublished":"2018-04-05T07:35:03+00:00","dateModified":"2024-11-07T08:56:17+00:00","breadcrumb":{"@id":"http:\/\/www.oitz.org\/es\/visitanos\/#breadcrumb"},"inLanguage":"es","potentialAction":[{"@type":"ReadAction","target":[["http:\/\/www.oitz.org\/es\/visitanos\/"]]}]},{"@type":"ImageObject","inLanguage":"es","@id":"http:\/\/www.oitz.org\/es\/visitanos\/#primaryimage","url":"http:\/\/www.oitz.org\/wp-content\/uploads\/sites\/34\/2018\/04\/Slider-Oitz2.jpg","contentUrl":"http:\/\/www.oitz.org\/wp-content\/uploads\/sites\/34\/2018\/04\/Slider-Oitz2.jpg","width":1018,"height":275},{"@type":"BreadcrumbList","@id":"http:\/\/www.oitz.org\/es\/visitanos\/#breadcrumb","itemListElement":[{"@type":"ListItem","position":1,"name":"Home","item":"http:\/\/www.oitz.org\/es\/"},{"@type":"ListItem","position":2,"name":"Vis\u00edtanos"}]},{"@type":"WebSite","@id":"http:\/\/www.oitz.org\/es\/#website","url":"http:\/\/www.oitz.org\/es\/","name":"Ayuntamiento de Oitz","description":"Sitio web del Ayuntamiento de Oitz \/ Oizko Udala","potentialAction":[{"@type":"SearchAction","target":{"@type":"EntryPoint","urlTemplate":"http:\/\/www.oitz.org\/es\/?s={search_term_string}"},"query-input":{"@type":"PropertyValueSpecification","valueRequired":true,"valueName":"search_term_string"}}],"inLanguage":"es"}]}},"_links":{"self":[{"href":"http:\/\/www.oitz.org\/es\/wp-json\/wp\/v2\/pages\/6","targetHints":{"allow":["GET"]}}],"collection":[{"href":"http:\/\/www.oitz.org\/es\/wp-json\/wp\/v2\/pages"}],"about":[{"href":"http:\/\/www.oitz.org\/es\/wp-json\/wp\/v2\/types\/page"}],"author":[{"embeddable":true,"href":"http:\/\/www.oitz.org\/es\/wp-json\/wp\/v2\/users\/1"}],"replies":[{"embeddable":true,"href":"http:\/\/www.oitz.org\/es\/wp-json\/wp\/v2\/comments?post=6"}],"version-history":[{"count":8,"href":"http:\/\/www.oitz.org\/es\/wp-json\/wp\/v2\/pages\/6\/revisions"}],"predecessor-version":[{"id":8199,"href":"http:\/\/www.oitz.org\/es\/wp-json\/wp\/v2\/pages\/6\/revisions\/8199"}],"wp:featuredmedia":[{"embeddable":true,"href":"http:\/\/www.oitz.org\/es\/wp-json\/wp\/v2\/media\/80"}],"wp:attachment":[{"href":"http:\/\/www.oitz.org\/es\/wp-json\/wp\/v2\/media?parent=6"}],"curies":[{"name":"wp","href":"https:\/\/api.w.org\/{rel}","templated":true}]}}